{"version":"1.0","provider_name":"\u00c1gora","provider_url":"https:\/\/www.univa.mx\/agora","author_name":"Comunicaci\u00f3n Sistema UNIVA","author_url":"https:\/\/www.univa.mx\/agora\/author\/gustavo\/","title":"La dignidad humana y el compromiso social - \u00c1gora","type":"rich","width":600,"height":338,"html":"<blockquote class=\"wp-embedded-content\" data-secret=\"E3CxBZx5jZ\"><a href=\"https:\/\/www.univa.mx\/agora\/la-dignidad-humana-y-el-compromiso-social\/\">La dignidad humana y el compromiso social<\/a><\/blockquote><iframe sandbox=\"allow-scripts\" security=\"restricted\" src=\"https:\/\/www.univa.mx\/agora\/la-dignidad-humana-y-el-compromiso-social\/embed\/#?secret=E3CxBZx5jZ\" width=\"600\" height=\"338\" title=\"\u00abLa dignidad humana y el compromiso social\u00bb \u2014 \u00c1gora\" data-secret=\"E3CxBZx5jZ\" frameborder=\"0\" marginwidth=\"0\" marginheight=\"0\" scrolling=\"no\" class=\"wp-embedded-content\"><\/iframe><script>\n\/*! This file is auto-generated *\/\n!function(d,l){\"use strict\";l.querySelector&&d.addEventListener&&\"undefined\"!=typeof URL&&(d.wp=d.wp||{},d.wp.receiveEmbedMessage||(d.wp.receiveEmbedMessage=function(e){var t=e.data;if((t||t.secret||t.message||t.value)&&!\/[^a-zA-Z0-9]\/.test(t.secret)){for(var s,r,n,a=l.querySelectorAll('iframe[data-secret=\"'+t.secret+'\"]'),o=l.querySelectorAll('blockquote[data-secret=\"'+t.secret+'\"]'),c=new RegExp(\"^https?:$\",\"i\"),i=0;i<o.length;i++)o[i].style.display=\"none\";for(i=0;i<a.length;i++)s=a[i],e.source===s.contentWindow&&(s.removeAttribute(\"style\"),\"height\"===t.message?(1e3<(r=parseInt(t.value,10))?r=1e3:~~r<200&&(r=200),s.height=r):\"link\"===t.message&&(r=new URL(s.getAttribute(\"src\")),n=new URL(t.value),c.test(n.protocol))&&n.host===r.host&&l.activeElement===s&&(d.top.location.href=t.value))}},d.addEventListener(\"message\",d.wp.receiveEmbedMessage,!1),l.addEventListener(\"DOMContentLoaded\",function(){for(var e,t,s=l.querySelectorAll(\"iframe.wp-embedded-content\"),r=0;r<s.length;r++)(t=(e=s[r]).getAttribute(\"data-secret\"))||(t=Math.random().toString(36).substring(2,12),e.src+=\"#?secret=\"+t,e.setAttribute(\"data-secret\",t)),e.contentWindow.postMessage({message:\"ready\",secret:t},\"*\")},!1)))}(window,document);\n\/\/# sourceURL=https:\/\/www.univa.mx\/agora\/wp-includes\/js\/wp-embed.min.js\n<\/script>\n","thumbnail_url":"https:\/\/www.univa.mx\/agora\/wp-content\/uploads\/sites\/14\/2024\/09\/8-Cristina-Gonza\u0301lez.gif","thumbnail_width":1280,"thumbnail_height":720,"description":"A lo largo de la historia, la comprensi\u00f3n de la dignidad humana ha sido objeto de numerosos malentendidos y distorsiones. En las primeras etapas de la humanidad, el hombre primitivo parec\u00eda tener menos conflictos al respecto. Las responsabilidades entre hombres y mujeres se divid\u00edan de manera natural, bas\u00e1ndose en las cualidades y capacidades de cada uno, en lo que parec\u00eda ser una cuesti\u00f3n de sentido com\u00fan. Sin embargo, con el desarrollo de las sociedades civilizadas, en lugar de avanzar hacia un mayor reconocimiento de la dignidad inherente a cada ser humano, se produjo un lamentable retroceso."}